{"id":4175,"date":"2016-03-07T18:11:13","date_gmt":"2016-03-07T18:11:13","guid":{"rendered":"http:\/\/guarara.mg.gov.br\/wp\/?page_id=4175"},"modified":"2026-04-07T22:09:46","modified_gmt":"2026-04-07T22:09:46","slug":"lista-de-contratos-2016","status":"publish","type":"page","link":"https:\/\/www.guarara.mg.gov.br\/wp\/lista-de-contratos-2016\/","title":{"rendered":"Lista de Contratos 2016"},"content":{"rendered":"<style><!--\n.CSSTableGenerator { margin:0px; padding:0px;  width:100%;  box-shadow: 10px 10px 5px #888888;  border:1px solid #000000;  -moz-border-radius-bottomleft:0px;  -webkit-border-bottom-left-radius:0px;  border-bottom-left-radius:0px;  -moz-border-radius-bottomright:0px;  -webkit-border-bottom-right-radius:0px;  border-bottom-right-radius:0px;  -moz-border-radius-topright:0px;  -webkit-border-top-right-radius:0px;  border-top-right-radius:0px;  -moz-border-radius-topleft:0px;  -webkit-border-top-left-radius:0px;  border-top-left-radius:0px; } .CSSTableGenerator table{  width:100%;  height:100%;  margin:0px;padding:0px; } .CSSTableGenerator tr:last-child td:last-child {  -moz-border-radius-bottomright:0px;  -webkit-border-bottom-right-radius:0px;  border-bottom-right-radius:0px; }  .CSSTableGenerator table tr:first-child td:first-child { -moz-border-radius-topleft:0px; -webkit-border-top-left-radius:0px;  border-top-left-radius:0px; }  .CSSTableGenerator table tr:first-child td:last-child {  -moz-border-radius-topright:0px;  -webkit-border-top-right-radius:0px;  border-top-right-radius:0px; } .CSSTableGenerator tr:last-child td:first-child{  -moz-border-radius-bottomleft:0px;  -webkit-border-bottom-left-radius:0px;  border-bottom-left-radius:0px; } .CSSTableGenerator tr:hover td{ }  .CSSTableGenerator tr:nth-child(odd){  background-color:#fffff; }  .CSSTableGenerator tr:nth-child(even)    {  background-color:#ffffff; } .CSSTableGenerator td{  vertical-align:middle;  border:1px solid #000000;  border-width:0px 1px 1px 0px;  text-align:left;  padding:7px;  font-size:10px;  font-family:Arial;  font-weight:normal;  color:#000000; } .CSSTableGenerator tr:last-child td{  border-width:0px 1px 0px 0px; } .CSSTableGenerator tr td:last-child{  border-width:0px 0px 1px 0px; } .CSSTableGenerator tr:last-child td:last-child{  border-width:0px 0px 0px 0px; }  .CSSTableGenerator tr:first-child td{  background:-o-linear-gradient(bottom, #a7d7ec 5%, #21759b 100%); background:-webkit-gradient( linear, left top, left bottom, color-stop(0.05, #a7d7ec), color-stop(1, #21759b) );  background:-moz-linear-gradient( center top, #a7d7ec 5%, #21759b 100% );  filter:progid:DXImageTransform.Microsoft.gradient(startColorstr=\"#a7d7ec\", endColorstr=\"#21759b\"); background: -o-linear-gradient(top,#a7d7ec,#21759b); background-color:#a7d7ec; border:0px solid #000000;  text-align:center;  border-width:0px 0px 1px 1px;  font-size:14px;  font-family:Arial;  font-weight:bold;  color:#ffffff; }  .CSSTableGenerator tr:first-child:hover td{  background:-o-linear-gradient(bottom, #a7d7ec 5%, #21759b 100%); background:-webkit-gradient( linear, left top, left bottom, color-stop(0.05, #a7d7ec), color-stop(1, #21759b) );  background:-moz-linear-gradient( center top, #a7d7ec 5%, #21759b 100% );  filter:progid:DXImageTransform.Microsoft.gradient(startColorstr=\"#a7d7ec\", endColorstr=\"#21759b\"); background: -o-linear-gradient(top,#a7d7ec,#21759b);  background-color:#a7d7ec; }  .CSSTableGenerator tr:first-child td:first-child{ border-width:0px 0px 1px 0px; }  .CSSTableGenerator tr:first-child td:last-child{ border-width:0px 0px 1px 1px; }\n--><\/style>\n<div class=\"CSSTableGenerator\">\n<table width=\"628\" border=\"0\" cellspacing=\"0\" cellpadding=\"0\">\n<colgroup> <\/colgroup>\n<tbody>\n<tr>\n<td height=\"20\">Contrato<\/td>\n<td>Data<\/td>\n<td>Vig\u00eancia<\/td>\n<td>Objeto<\/td>\n<td>Fornecedor<\/td>\n<td>N\u00b0 Licita\u00e7\u00e3o<\/td>\n<\/tr>\n<tr>\n<td>044\/2016<\/td>\n<td>04\/03\/2016<\/td>\n<td>31\/12\/2016<\/td>\n<td>EQUIPAMENTO FISIOTERAPIA<\/td>\n<td>DISTRIMAR EIRELI-ME<\/td>\n<td>019\/2016<\/td>\n<\/tr>\n<tr>\n<td>043\/2016<\/td>\n<td>04\/03\/2016<\/td>\n<td>31\/12\/2016<\/td>\n<td>EQUIPAMENTO FISIOTERAPIA<\/td>\n<td>D &#038; D EMPREENDIMENTOS COMERCIAIS LTDA<\/td>\n<td>019\/2016<\/td>\n<\/tr>\n<tr>\n<td>042\/2016<\/td>\n<td>04\/03\/2016<\/td>\n<td>31\/12\/2016<\/td>\n<td>EQUIPAMENTO FISIOTERAPIA<\/td>\n<td>ACIMEDIC &#8211; ASSIST\u00caNCIA, COM\u00c9RCIO &#038; INSTALA\u00c7\u00c3O DE EQUIPAMENTOS MEDICOS LTDA<\/td>\n<td>019\/2016<\/td>\n<\/tr>\n<tr>\n<td>041\/2016<\/td>\n<td>03\/03\/2016<\/td>\n<td>31\/12\/2016<\/td>\n<td>MATERIAL ODONTOLOGICO<\/td>\n<td>DISTRIMAR EIRELI-ME<\/td>\n<td>018\/2016<\/td>\n<\/tr>\n<tr>\n<td>040\/2016<\/td>\n<td>03\/03\/2016<\/td>\n<td>31\/12\/2016<\/td>\n<td>FRETAMENTO DE ONIBUS<\/td>\n<td>VIA\u00c7\u00c3O SANTOS LTDA<\/td>\n<td>017\/2016<\/td>\n<\/tr>\n<tr>\n<td>039\/2016<\/td>\n<td>26\/02\/2016<\/td>\n<td>31\/12\/2016<\/td>\n<td>MANUTEN\u00e7\u00e3O PREVENTIVA DOS CONSULTORIOS ODONTOLOGICO<\/td>\n<td>WMTEC ASSISTENCIA TECNICA LTDA<\/td>\n<td>020\/2016<\/td>\n<\/tr>\n<tr>\n<td>037\/2016<\/td>\n<td>01\/03\/2016<\/td>\n<td>31\/12\/2016<\/td>\n<td>LANCHE DESTINADO AOS FUNCIONARIOS<\/td>\n<td>SUPERMERCADO SANTA IZABEL LTDA<\/td>\n<td>012\/2016<\/td>\n<\/tr>\n<tr>\n<td>036\/2016<\/td>\n<td>18\/02\/2016<\/td>\n<td>31\/12\/2016<\/td>\n<td>AQUISI\u00c7\u00c3O DE SERVI\u00c7O DE EQUOTERAPIA<\/td>\n<td>ANA CLAUDIA LOUREN\u00c7O CHAIM &#038; CIA LTDA-ME<\/td>\n<td>011\/2016<\/td>\n<\/tr>\n<tr>\n<td>035\/2016<\/td>\n<td>17\/02\/2016<\/td>\n<td>31\/12\/2016<\/td>\n<td>AQUISI\u00c7\u00c3O DE \u00c1GUA E G\u00c1S<\/td>\n<td>DISTRIBUIDORA  ALHADAS GAS E AGUA LTDA<\/td>\n<td>010\/2016<\/td>\n<\/tr>\n<tr>\n<td>034\/2016<\/td>\n<td>17\/02\/2016<\/td>\n<td>31\/12\/2016<\/td>\n<td>CESTAS B\u00c1SICAS DE ALIMENTOS<\/td>\n<td>SUPERMERCADO SANTA IZABEL LTDA<\/td>\n<td>009\/2016<\/td>\n<\/tr>\n<tr>\n<td>029\/2016<\/td>\n<td>15\/02\/2016<\/td>\n<td>31\/12\/2016<\/td>\n<td>AQUISI\u00c7\u00c3O DE EQUIPAMENTO E MATERIAL PERMANENTE CONFORME RECURSO DE EMENDA PARLAMENTAR 29750007<\/td>\n<td>D &#038; D EMPREENDIMENTOS COMERCIAIS LTDA<\/td>\n<td>109\/2015<\/td>\n<\/tr>\n<tr>\n<td>028\/2016<\/td>\n<td>15\/02\/2016<\/td>\n<td>31\/12\/2016<\/td>\n<td>AQUISI\u00c7\u00c3O DE EQUIPAMENTO E MATERIAL PERMANENTE CONFORME RECURSO DE EMENDA PARLAMENTAR 29750007<\/td>\n<td>CANA\u00c3 DE CARMO DISTRIBUIDORA LTDA-ME<\/td>\n<td>109\/2015<\/td>\n<\/tr>\n<tr>\n<td>026\/2016<\/td>\n<td>15\/02\/2016<\/td>\n<td>31\/12\/2016<\/td>\n<td>AQUISICAO DE PROTETOR SOLAR<\/td>\n<td>FARMACIA NATURALIS MULTIFARMA LTDA<\/td>\n<td>016\/2016<\/td>\n<\/tr>\n<tr>\n<td>025\/2016<\/td>\n<td>05\/02\/2016<\/td>\n<td>31\/12\/2016<\/td>\n<td>SERVI\u00c7OS DE SERRALHERIA<\/td>\n<td>P J DIAS ROSSI<\/td>\n<td>015\/2016<\/td>\n<\/tr>\n<tr>\n<td>024\/2016<\/td>\n<td>05\/02\/2016<\/td>\n<td>31\/12\/2016<\/td>\n<td>APOIO ADMINSTRATIVO NA PREPARA\u00c7\u00c3O DE DOCUMENTOS DE LICITA\u00c7\u00c3O E COMPRAS COM PREPARA\u00c7\u00c3O DE ARQUIVOS DIGITAIS PARA PRESTA\u00c7\u00c3O DE CONTAS.<\/td>\n<td>THOMAZ EMPREENDIMENTOS LTDA-ME<\/td>\n<td>014\/2016<\/td>\n<\/tr>\n<tr>\n<td>023\/2016<\/td>\n<td>01\/02\/2016<\/td>\n<td>31\/12\/2016<\/td>\n<td>EDUCADORES SOCIAIS<\/td>\n<td>VANDER LUIZ CESARIO JUNIOR<\/td>\n<td>007\/2016<\/td>\n<\/tr>\n<tr>\n<td>022\/2016<\/td>\n<td>01\/02\/2016<\/td>\n<td>31\/12\/2016<\/td>\n<td>EDUCADORES SOCIAIS<\/td>\n<td>SUZANA OLIVEIRA LAMHA<\/td>\n<td>007\/2016<\/td>\n<\/tr>\n<tr>\n<td>021\/2016<\/td>\n<td>01\/02\/2016<\/td>\n<td>31\/12\/2016<\/td>\n<td>EDUCADORES SOCIAIS<\/td>\n<td>MARICLEIDE DE OLIVEIRA<\/td>\n<td>007\/2016<\/td>\n<\/tr>\n<tr>\n<td>020\/2016<\/td>\n<td>01\/02\/2016<\/td>\n<td>31\/12\/2016<\/td>\n<td>EDUCADORES SOCIAIS<\/td>\n<td>CARLOS RODRIGUES CARNEIRO<\/td>\n<td>007\/2016<\/td>\n<\/tr>\n<tr>\n<td>019\/2016<\/td>\n<td>01\/02\/2016<\/td>\n<td>31\/12\/2016<\/td>\n<td>EDUCADORES SOCIAIS<\/td>\n<td>ALEXANDRE DUTRA SILVEIRA<\/td>\n<td>007\/2016<\/td>\n<\/tr>\n<tr>\n<td>018\/2016<\/td>\n<td>29\/01\/2016<\/td>\n<td>31\/12\/2016<\/td>\n<td>AQUISI\u00c7\u00c3O DE COMBUST\u00cdVEL<\/td>\n<td>COM\u00c9RCIO DE COMBUST\u00cdVEIS JUKEAR LTDA<\/td>\n<td>006\/2016<\/td>\n<\/tr>\n<tr>\n<td>017\/2016<\/td>\n<td>28\/01\/2016<\/td>\n<td>31\/12\/2016<\/td>\n<td>AQUISI\u00c7\u00c3O DE OXIGENIO<\/td>\n<td>LAGE OXIG\u00caNIO LTDA<\/td>\n<td>003\/2016<\/td>\n<\/tr>\n<tr>\n<td>015\/2016<\/td>\n<td>27\/01\/2016<\/td>\n<td>31\/12\/2016<\/td>\n<td>AQUISI\u00c7\u00c3O DE MERENDA PARA O ENSINO INFANTIL E FUNDAMENTAL<\/td>\n<td>SUPERMERCADO SANTO ANTONIO BICAS LTDA 14<\/td>\n<td>002\/2016<\/td>\n<\/tr>\n<tr>\n<td>014\/2016<\/td>\n<td>27\/01\/2016<\/td>\n<td>31\/12\/2016<\/td>\n<td>AQUISI\u00c7\u00c3O DE MERENDA PARA O ENSINO INFANTIL E FUNDAMENTAL<\/td>\n<td>SUPERMERCADO SANTA IZABEL LTDA<\/td>\n<td>002\/2016<\/td>\n<\/tr>\n<tr>\n<td>013\/2016<\/td>\n<td>27\/01\/2016<\/td>\n<td>31\/12\/2016<\/td>\n<td>AQUISI\u00c7\u00c3O DE MERENDA PARA O ENSINO INFANTIL E FUNDAMENTAL<\/td>\n<td>COELHO PINTO COMERCIO E SERVICOS LTDA &#8211; ME<\/td>\n<td>002\/2016<\/td>\n<\/tr>\n<tr>\n<td>012\/2016<\/td>\n<td>22\/01\/2016<\/td>\n<td>31\/12\/2016<\/td>\n<td>CONTRATA\u00c7\u00c3O DE PESSOA JUR\u00cdDICA ESPECIALIZADA PARA LOCA\u00c7\u00c3O DE PALCO, CAMARIM, \u00c1REA DE SERVI\u00c7O FECHADA, BANHEIRO QU\u00cdMICO, TENDAS,  SHOWS,  EQUIPE DE APOIO PARA CONTROLE DE P\u00daBLICO, ORGANIZA\u00c7\u00c3O, PUBLICIDADE E MARKENTING E PRODU\u00c7\u00c3O DO EVENTO PARA O PR\u00c9 CARNAVA (..)<\/td>\n<td>HELIO CORREIA DE OLIVEIRA JUNIOR 04649051681<\/td>\n<td>001\/2016<\/td>\n<\/tr>\n<tr>\n<td>011\/2016<\/td>\n<td>22\/01\/2016<\/td>\n<td>31\/12\/2016<\/td>\n<td>AQUISI\u00c7\u00c3O DE MATERIAIS PARA  INSTRUMENTOS MUSICAIS<\/td>\n<td>TABACARIA SAO JOAO NEPOMUCENO LTDA<\/td>\n<td>008\/2016<\/td>\n<\/tr>\n<tr>\n<td>010\/2016<\/td>\n<td>18\/01\/2016<\/td>\n<td>31\/12\/2016<\/td>\n<td>LOCA\u00c7\u00c3O DE CONJUNTO DE OXIGENIOTERAPIA<\/td>\n<td>BJ DISTRIBUIDORA LTDA-ME<\/td>\n<td>005\/2016<\/td>\n<\/tr>\n<tr>\n<td>009\/2016<\/td>\n<td>11\/01\/2016<\/td>\n<td>31\/12\/2016<\/td>\n<td>AQUISI\u00c7\u00c3O DE ALIMENTO PARA PACIENTE ACAMADO COM RESTRI\u00c7\u00c3O HIDRICA<\/td>\n<td>NUTRICIONAL FARMA LTDA-EPP<\/td>\n<td>004\/2016<\/td>\n<\/tr>\n<tr>\n<td>008\/2016<\/td>\n<td>11\/01\/2016<\/td>\n<td>31\/12\/2016<\/td>\n<td>AQUISI\u00c7\u00c3O DE EQUIPAMENTO E MATERIAL PERMANENTE PARA ATEN\u00c7\u00c3O ESPECIALIZADA EM SA\u00daDE BUCAL<\/td>\n<td>R.H.ELETROMEDICINA E SERVICOS LTDA<\/td>\n<td>094\/2015<\/td>\n<\/tr>\n<tr>\n<td>007\/2016<\/td>\n<td>11\/01\/2016<\/td>\n<td>31\/12\/2016<\/td>\n<td>AQUISI\u00c7\u00c3O DE EQUIPAMENTO E MATERIAL PERMANENTE PARA ATEN\u00c7\u00c3O ESPECIALIZADA EM SA\u00daDE BUCAL<\/td>\n<td>PRIME MAT. M\u00c9DICO HOSPITALAR LTDA-ME<\/td>\n<td>094\/2015<\/td>\n<\/tr>\n<tr>\n<td>006\/2016<\/td>\n<td>11\/01\/2016<\/td>\n<td>31\/12\/2016<\/td>\n<td>AQUISI\u00c7\u00c3O DE EQUIPAMENTO E MATERIAL PERMANENTE PARA ATEN\u00c7\u00c3O ESPECIALIZADA EM SA\u00daDE BUCAL<\/td>\n<td>DISTRIBUIDORA REGIONAL DE AL\u00c9M PARA\u00cdBA LTDA-ME<\/td>\n<td>094\/2015<\/td>\n<\/tr>\n<tr>\n<td>005\/2016<\/td>\n<td>11\/01\/2016<\/td>\n<td>31\/12\/2016<\/td>\n<td>AQUISI\u00c7\u00c3O DE EQUIPAMENTO E MATERIAL PERMANENTE PARA ATEN\u00c7\u00c3O ESPECIALIZADA EM SA\u00daDE BUCAL<\/td>\n<td>D3JF EMPREENDIMENTOS COMERCIAIS LTDA..<\/td>\n<td>094\/2015<\/td>\n<\/tr>\n<tr>\n<td>004\/2016<\/td>\n<td>11\/01\/2016<\/td>\n<td>31\/12\/2016<\/td>\n<td>AQUISI\u00c7\u00c3O DE EQUIPAMENTO E MATERIAL PERMANENTE PARA ATEN\u00c7\u00c3O ESPECIALIZADA EM SA\u00daDE BUCAL<\/td>\n<td>CANA\u00c3 DE CARMO DISTRIBUIDORA LTDA-ME<\/td>\n<td>094\/2015<\/td>\n<\/tr>\n<tr>\n<td>003\/2016<\/td>\n<td>11\/01\/2016<\/td>\n<td>31\/12\/2016<\/td>\n<td>AQUISI\u00c7\u00c3O DE EQUIPAMENTO E MATERIAL PERMANENTE PARA ATEN\u00c7\u00c3O ESPECIALIZADA EM SA\u00daDE BUCAL<\/td>\n<td>ACIMEDIC &#8211; ASSIST\u00caNCIA, COM\u00c9RCIO &#038; INSTALA\u00c7\u00c3O DE EQUIPAMENTOS MEDICOS LTDA<\/td>\n<td>094\/2015<\/td>\n<\/tr>\n<\/tbody>\n<\/table>\n<\/div>\n","protected":false},"excerpt":{"rendered":"<p>Contrato Data Vig\u00eancia Objeto Fornecedor N\u00b0 Licita\u00e7\u00e3o 044\/2016 04\/03\/2016 31\/12\/2016 EQUIPAMENTO FISIOTERAPIA DISTRIMAR EIRELI-ME 019\/2016 043\/2016 04\/03\/2016 31\/12\/2016 EQUIPAMENTO FISIOTERAPIA D &#038; D EMPREENDIMENTOS COMERCIAIS LTDA 019\/2016 042\/2016 04\/03\/2016 31\/12\/2016 EQUIPAMENTO FISIOTERAPIA ACIMEDIC &#8211; ASSIST\u00caNCIA, COM\u00c9RCIO &#038; INSTALA\u00c7\u00c3O DE EQUIPAMENTOS MEDICOS LTDA 019\/2016 041\/2016 03\/03\/2016 31\/12\/2016 MATERIAL ODONTOLOGICO DISTRIMAR EIRELI-ME 018\/2016 040\/2016 03\/03\/2016 31\/12\/2016 FRETAMENTO [&hellip;]<\/p>\n","protected":false},"author":2,"featured_media":0,"parent":0,"menu_order":0,"comment_status":"closed","ping_status":"closed","template":"","meta":{"ngg_post_thumbnail":0,"footnotes":"","_links_to":"","_links_to_target":""},"class_list":["post-4175","page","type-page","status-publish","hentry"],"yoast_head":"<!-- This site is optimized with the Yoast SEO plugin v27.3 - https:\/\/yoast.com\/product\/yoast-seo-wordpress\/ -->\n<title>Lista de Contratos 2016 - Prefeitura Municipal de Guarar\u00e1 - MG<\/title>\n<meta name=\"robots\" content=\"index, follow, max-snippet:-1, max-image-preview:large, max-video-preview:-1\" \/>\n<link rel=\"canonical\" href=\"https:\/\/www.guarara.mg.gov.br\/wp\/lista-de-contratos-2016\/\" \/>\n<meta property=\"og:locale\" content=\"pt_BR\" \/>\n<meta property=\"og:type\" content=\"article\" \/>\n<meta property=\"og:title\" content=\"Lista de Contratos 2016 - Prefeitura Municipal de Guarar\u00e1 - MG\" \/>\n<meta property=\"og:description\" content=\"Contrato Data Vig\u00eancia Objeto Fornecedor N\u00b0 Licita\u00e7\u00e3o 044\/2016 04\/03\/2016 31\/12\/2016 EQUIPAMENTO FISIOTERAPIA DISTRIMAR EIRELI-ME 019\/2016 043\/2016 04\/03\/2016 31\/12\/2016 EQUIPAMENTO FISIOTERAPIA D &#038; D EMPREENDIMENTOS COMERCIAIS LTDA 019\/2016 042\/2016 04\/03\/2016 31\/12\/2016 EQUIPAMENTO FISIOTERAPIA ACIMEDIC &#8211; ASSIST\u00caNCIA, COM\u00c9RCIO &#038; INSTALA\u00c7\u00c3O DE EQUIPAMENTOS MEDICOS LTDA 019\/2016 041\/2016 03\/03\/2016 31\/12\/2016 MATERIAL ODONTOLOGICO DISTRIMAR EIRELI-ME 018\/2016 040\/2016 03\/03\/2016 31\/12\/2016 FRETAMENTO [&hellip;]\" \/>\n<meta property=\"og:url\" content=\"https:\/\/www.guarara.mg.gov.br\/wp\/lista-de-contratos-2016\/\" \/>\n<meta property=\"og:site_name\" content=\"Prefeitura Municipal de Guarar\u00e1 - MG\" \/>\n<meta property=\"article:modified_time\" content=\"2026-04-07T22:09:46+00:00\" \/>\n<meta name=\"twitter:card\" content=\"summary_large_image\" \/>\n<meta name=\"twitter:label1\" content=\"Est. tempo de leitura\" \/>\n\t<meta name=\"twitter:data1\" content=\"2 minutos\" \/>\n<script type=\"application\/ld+json\" class=\"yoast-schema-graph\">{\"@context\":\"https:\\\/\\\/schema.org\",\"@graph\":[{\"@type\":\"WebPage\",\"@id\":\"https:\\\/\\\/www.guarara.mg.gov.br\\\/wp\\\/lista-de-contratos-2016\\\/\",\"url\":\"https:\\\/\\\/www.guarara.mg.gov.br\\\/wp\\\/lista-de-contratos-2016\\\/\",\"name\":\"Lista de Contratos 2016 - Prefeitura Municipal de Guarar\u00e1 - MG\",\"isPartOf\":{\"@id\":\"https:\\\/\\\/www.guarara.mg.gov.br\\\/wp\\\/#website\"},\"datePublished\":\"2016-03-07T18:11:13+00:00\",\"dateModified\":\"2026-04-07T22:09:46+00:00\",\"breadcrumb\":{\"@id\":\"https:\\\/\\\/www.guarara.mg.gov.br\\\/wp\\\/lista-de-contratos-2016\\\/#breadcrumb\"},\"inLanguage\":\"pt-BR\",\"potentialAction\":[{\"@type\":\"ReadAction\",\"target\":[\"https:\\\/\\\/www.guarara.mg.gov.br\\\/wp\\\/lista-de-contratos-2016\\\/\"]}]},{\"@type\":\"BreadcrumbList\",\"@id\":\"https:\\\/\\\/www.guarara.mg.gov.br\\\/wp\\\/lista-de-contratos-2016\\\/#breadcrumb\",\"itemListElement\":[{\"@type\":\"ListItem\",\"position\":1,\"name\":\"In\u00edcio\",\"item\":\"https:\\\/\\\/www.guarara.mg.gov.br\\\/wp\\\/\"},{\"@type\":\"ListItem\",\"position\":2,\"name\":\"Lista de Contratos 2016\"}]},{\"@type\":\"WebSite\",\"@id\":\"https:\\\/\\\/www.guarara.mg.gov.br\\\/wp\\\/#website\",\"url\":\"https:\\\/\\\/www.guarara.mg.gov.br\\\/wp\\\/\",\"name\":\"Prefeitura Municipal de Guarar\u00e1 - MG\",\"description\":\"Prefeitura Municipal de Guarar\u00e1 - MG\",\"potentialAction\":[{\"@type\":\"SearchAction\",\"target\":{\"@type\":\"EntryPoint\",\"urlTemplate\":\"https:\\\/\\\/www.guarara.mg.gov.br\\\/wp\\\/?s={search_term_string}\"},\"query-input\":{\"@type\":\"PropertyValueSpecification\",\"valueRequired\":true,\"valueName\":\"search_term_string\"}}],\"inLanguage\":\"pt-BR\"}]}<\/script>\n<!-- \/ Yoast SEO plugin. -->","yoast_head_json":{"title":"Lista de Contratos 2016 - Prefeitura Municipal de Guarar\u00e1 - MG","robots":{"index":"index","follow":"follow","max-snippet":"max-snippet:-1","max-image-preview":"max-image-preview:large","max-video-preview":"max-video-preview:-1"},"canonical":"https:\/\/www.guarara.mg.gov.br\/wp\/lista-de-contratos-2016\/","og_locale":"pt_BR","og_type":"article","og_title":"Lista de Contratos 2016 - Prefeitura Municipal de Guarar\u00e1 - MG","og_description":"Contrato Data Vig\u00eancia Objeto Fornecedor N\u00b0 Licita\u00e7\u00e3o 044\/2016 04\/03\/2016 31\/12\/2016 EQUIPAMENTO FISIOTERAPIA DISTRIMAR EIRELI-ME 019\/2016 043\/2016 04\/03\/2016 31\/12\/2016 EQUIPAMENTO FISIOTERAPIA D &#038; D EMPREENDIMENTOS COMERCIAIS LTDA 019\/2016 042\/2016 04\/03\/2016 31\/12\/2016 EQUIPAMENTO FISIOTERAPIA ACIMEDIC &#8211; ASSIST\u00caNCIA, COM\u00c9RCIO &#038; INSTALA\u00c7\u00c3O DE EQUIPAMENTOS MEDICOS LTDA 019\/2016 041\/2016 03\/03\/2016 31\/12\/2016 MATERIAL ODONTOLOGICO DISTRIMAR EIRELI-ME 018\/2016 040\/2016 03\/03\/2016 31\/12\/2016 FRETAMENTO [&hellip;]","og_url":"https:\/\/www.guarara.mg.gov.br\/wp\/lista-de-contratos-2016\/","og_site_name":"Prefeitura Municipal de Guarar\u00e1 - MG","article_modified_time":"2026-04-07T22:09:46+00:00","twitter_card":"summary_large_image","twitter_misc":{"Est. tempo de leitura":"2 minutos"},"schema":{"@context":"https:\/\/schema.org","@graph":[{"@type":"WebPage","@id":"https:\/\/www.guarara.mg.gov.br\/wp\/lista-de-contratos-2016\/","url":"https:\/\/www.guarara.mg.gov.br\/wp\/lista-de-contratos-2016\/","name":"Lista de Contratos 2016 - Prefeitura Municipal de Guarar\u00e1 - MG","isPartOf":{"@id":"https:\/\/www.guarara.mg.gov.br\/wp\/#website"},"datePublished":"2016-03-07T18:11:13+00:00","dateModified":"2026-04-07T22:09:46+00:00","breadcrumb":{"@id":"https:\/\/www.guarara.mg.gov.br\/wp\/lista-de-contratos-2016\/#breadcrumb"},"inLanguage":"pt-BR","potentialAction":[{"@type":"ReadAction","target":["https:\/\/www.guarara.mg.gov.br\/wp\/lista-de-contratos-2016\/"]}]},{"@type":"BreadcrumbList","@id":"https:\/\/www.guarara.mg.gov.br\/wp\/lista-de-contratos-2016\/#breadcrumb","itemListElement":[{"@type":"ListItem","position":1,"name":"In\u00edcio","item":"https:\/\/www.guarara.mg.gov.br\/wp\/"},{"@type":"ListItem","position":2,"name":"Lista de Contratos 2016"}]},{"@type":"WebSite","@id":"https:\/\/www.guarara.mg.gov.br\/wp\/#website","url":"https:\/\/www.guarara.mg.gov.br\/wp\/","name":"Prefeitura Municipal de Guarar\u00e1 - MG","description":"Prefeitura Municipal de Guarar\u00e1 - MG","potentialAction":[{"@type":"SearchAction","target":{"@type":"EntryPoint","urlTemplate":"https:\/\/www.guarara.mg.gov.br\/wp\/?s={search_term_string}"},"query-input":{"@type":"PropertyValueSpecification","valueRequired":true,"valueName":"search_term_string"}}],"inLanguage":"pt-BR"}]}},"_links":{"self":[{"href":"https:\/\/www.guarara.mg.gov.br\/wp\/wp-json\/wp\/v2\/pages\/4175","targetHints":{"allow":["GET"]}}],"collection":[{"href":"https:\/\/www.guarara.mg.gov.br\/wp\/wp-json\/wp\/v2\/pages"}],"about":[{"href":"https:\/\/www.guarara.mg.gov.br\/wp\/wp-json\/wp\/v2\/types\/page"}],"author":[{"embeddable":true,"href":"https:\/\/www.guarara.mg.gov.br\/wp\/wp-json\/wp\/v2\/users\/2"}],"replies":[{"embeddable":true,"href":"https:\/\/www.guarara.mg.gov.br\/wp\/wp-json\/wp\/v2\/comments?post=4175"}],"version-history":[{"count":2,"href":"https:\/\/www.guarara.mg.gov.br\/wp\/wp-json\/wp\/v2\/pages\/4175\/revisions"}],"predecessor-version":[{"id":4233,"href":"https:\/\/www.guarara.mg.gov.br\/wp\/wp-json\/wp\/v2\/pages\/4175\/revisions\/4233"}],"wp:attachment":[{"href":"https:\/\/www.guarara.mg.gov.br\/wp\/wp-json\/wp\/v2\/media?parent=4175"}],"curies":[{"name":"wp","href":"https:\/\/api.w.org\/{rel}","templated":true}]}}